{"id":3200,"date":"2025-02-13T08:43:06","date_gmt":"2025-02-13T08:43:06","guid":{"rendered":"https:\/\/hotelgrumsbarcelona.com\/parken\/"},"modified":"2025-07-18T17:07:34","modified_gmt":"2025-07-18T17:07:34","slug":"parken","status":"publish","type":"page","link":"https:\/\/hotelgrumsbarcelona.com\/de\/parken\/","title":{"rendered":"Parken"},"content":{"rendered":"\t\t<div data-elementor-type=\"wp-page\" data-elementor-id=\"3200\" class=\"elementor elementor-3200 elementor-1786\" data-elementor-post-type=\"page\">\n\t\t\t\t<div class=\"elementor-element elementor-element-ee6ee5d e-flex e-con-boxed e-con e-parent\" data-id=\"ee6ee5d\" data-element_type=\"container\" data-e-type=\"container\" data-settings=\"{&quot;background_background&quot;:&quot;classic&quot;}\">\n\t\t\t\t\t<div class=\"e-con-inner\">\n\t\t\t\t<div class=\"elementor-element elementor-element-6d75259 elementor-widget elementor-widget-heading\" data-id=\"6d75259\" data-element_type=\"widget\" data-e-type=\"widget\" data-widget_type=\"heading.default\">\n\t\t\t\t<div class=\"elementor-widget-container\">\n\t\t\t\t\t<h2 class=\"elementor-heading-title elementor-size-default\">Parken<\/h2>\t\t\t\t<\/div>\n\t\t\t\t<\/div>\n\t\t\t\t<div class=\"elementor-element elementor-element-e575df3 elementor-widget elementor-widget-text-editor\" data-id=\"e575df3\" data-element_type=\"widget\" data-e-type=\"widget\" data-widget_type=\"text-editor.default\">\n\t\t\t\t<div class=\"elementor-widget-container\">\n\t\t\t\t\t\t\t\t\t<p>PRIVATER PARKPLATZ IM GLEICHEN HOTEL<\/p>\t\t\t\t\t\t\t\t<\/div>\n\t\t\t\t<\/div>\n\t\t\t\t\t<\/div>\n\t\t\t\t<\/div>\n\t\t<div class=\"elementor-element elementor-element-1a90cd7 e-flex e-con-boxed e-con e-parent\" data-id=\"1a90cd7\" data-element_type=\"container\" data-e-type=\"container\">\n\t\t\t\t\t<div class=\"e-con-inner\">\n\t\t<div class=\"elementor-element elementor-element-f2a1193 e-con-full e-flex e-con e-child\" data-id=\"f2a1193\" data-element_type=\"container\" data-e-type=\"container\">\n\t\t\t\t<div class=\"elementor-element elementor-element-abbfe95 elementor-widget elementor-widget-heading\" data-id=\"abbfe95\" data-element_type=\"widget\" data-e-type=\"widget\" data-widget_type=\"heading.default\">\n\t\t\t\t<div class=\"elementor-widget-container\">\n\t\t\t\t\t<h2 class=\"elementor-heading-title elementor-size-default\">TESLA-LADESTATIONEN<\/h2>\t\t\t\t<\/div>\n\t\t\t\t<\/div>\n\t\t\t\t<div class=\"elementor-element elementor-element-f79b62e elementor-widget elementor-widget-heading\" data-id=\"f79b62e\" data-element_type=\"widget\" data-e-type=\"widget\" data-widget_type=\"heading.default\">\n\t\t\t\t<div class=\"elementor-widget-container\">\n\t\t\t\t\t<h2 class=\"elementor-heading-title elementor-size-default\">W\u00c4HREND IHRES AUFENTHALTS<\/h2>\t\t\t\t<\/div>\n\t\t\t\t<\/div>\n\t\t\t\t<div class=\"elementor-element elementor-element-e97dd34 elementor-widget elementor-widget-image\" data-id=\"e97dd34\" data-element_type=\"widget\" data-e-type=\"widget\" data-widget_type=\"image.default\">\n\t\t\t\t<div class=\"elementor-widget-container\">\n\t\t\t\t\t\t\t\t\t\t\t\t\t\t\t<img fetchpriority=\"high\" decoding=\"async\" width=\"800\" height=\"172\" src=\"https:\/\/hotelgrumsbarcelona.com\/wp-content\/uploads\/2025\/02\/Captura-de-pantalla-2025-02-13-a-las-9.29.53.png\" class=\"attachment-large size-large wp-image-2410\" alt=\"\" srcset=\"https:\/\/hotelgrumsbarcelona.com\/wp-content\/uploads\/2025\/02\/Captura-de-pantalla-2025-02-13-a-las-9.29.53.png 984w, https:\/\/hotelgrumsbarcelona.com\/wp-content\/uploads\/2025\/02\/Captura-de-pantalla-2025-02-13-a-las-9.29.53-300x65.png 300w, https:\/\/hotelgrumsbarcelona.com\/wp-content\/uploads\/2025\/02\/Captura-de-pantalla-2025-02-13-a-las-9.29.53-768x165.png 768w\" sizes=\"(max-width: 800px) 100vw, 800px\" \/>\t\t\t\t\t\t\t\t\t\t\t\t\t\t\t<\/div>\n\t\t\t\t<\/div>\n\t\t\t\t<div class=\"elementor-element elementor-element-128bf36 elementor-widget elementor-widget-text-editor\" data-id=\"128bf36\" data-element_type=\"widget\" data-e-type=\"widget\" data-widget_type=\"text-editor.default\">\n\t\t\t\t<div class=\"elementor-widget-container\">\n\t\t\t\t\t\t\t\t\t<p data-start=\"139\" data-end=\"554\">F\u00fcr den Komfort unserer G\u00e4ste, die mit Elektrofahrzeugen anreisen, verf\u00fcgen wir in unserem Hotel \u00fcber zwei Tesla-Ladestationen mit jeweils 22 kW. Diese Ladepunkte stehen nach vorheriger Reservierung zur Verf\u00fcgung und k\u00f6nnen per E-Mail angefragt werden. Wir befinden uns in zentraler Lage in Barcelona, \u200b\u200bwas unsere Frachtdienste zu einer bequemen und g\u00fcnstigen Option w\u00e4hrend Ihres Aufenthalts macht.  <\/p><p data-start=\"556\" data-end=\"684\">F\u00fcr weitere Informationen oder Reservierungen kontaktieren Sie uns bitte \u00fcber <span style=\"color: #003366;\"><a style=\"color: #003366;\" href=\"mailto:reservas@hotelgrums.com\">reservas@hotelgrums.com<\/a><\/span><\/p>\t\t\t\t\t\t\t\t<\/div>\n\t\t\t\t<\/div>\n\t\t\t\t<\/div>\n\t\t<div class=\"elementor-element elementor-element-d583607 e-con-full e-flex e-con e-child\" data-id=\"d583607\" data-element_type=\"container\" data-e-type=\"container\">\n\t\t\t\t<div class=\"elementor-element elementor-element-20adcdd elementor-widget elementor-widget-image\" data-id=\"20adcdd\" data-element_type=\"widget\" data-e-type=\"widget\" data-widget_type=\"image.default\">\n\t\t\t\t<div class=\"elementor-widget-container\">\n\t\t\t\t\t\t\t\t\t\t\t\t\t\t\t<img decoding=\"async\" width=\"800\" height=\"536\" src=\"https:\/\/hotelgrumsbarcelona.com\/wp-content\/uploads\/2025\/02\/Cargador-Tesla-Hotel-grums-min-1024x686.png\" class=\"attachment-large size-large wp-image-2413\" alt=\"\" srcset=\"https:\/\/hotelgrumsbarcelona.com\/wp-content\/uploads\/2025\/02\/Cargador-Tesla-Hotel-grums-min-1024x686.png 1024w, https:\/\/hotelgrumsbarcelona.com\/wp-content\/uploads\/2025\/02\/Cargador-Tesla-Hotel-grums-min-300x201.png 300w, https:\/\/hotelgrumsbarcelona.com\/wp-content\/uploads\/2025\/02\/Cargador-Tesla-Hotel-grums-min-768x514.png 768w, https:\/\/hotelgrumsbarcelona.com\/wp-content\/uploads\/2025\/02\/Cargador-Tesla-Hotel-grums-min.png 1332w\" sizes=\"(max-width: 800px) 100vw, 800px\" \/>\t\t\t\t\t\t\t\t\t\t\t\t\t\t\t<\/div>\n\t\t\t\t<\/div>\n\t\t\t\t<\/div>\n\t\t\t\t\t<\/div>\n\t\t\t\t<\/div>\n\t\t<div class=\"elementor-element elementor-element-0289798 e-flex e-con-boxed e-con e-parent\" data-id=\"0289798\" data-element_type=\"container\" data-e-type=\"container\">\n\t\t\t\t\t<div class=\"e-con-inner\">\n\t\t<div class=\"elementor-element elementor-element-feab391 e-con-full e-flex e-con e-child\" data-id=\"feab391\" data-element_type=\"container\" data-e-type=\"container\">\n\t\t\t\t<div class=\"elementor-element elementor-element-3855684 elementor-widget elementor-widget-image\" data-id=\"3855684\" data-element_type=\"widget\" data-e-type=\"widget\" data-widget_type=\"image.default\">\n\t\t\t\t<div class=\"elementor-widget-container\">\n\t\t\t\t\t\t\t\t\t\t\t\t\t\t\t<img decoding=\"async\" width=\"800\" height=\"609\" src=\"https:\/\/hotelgrumsbarcelona.com\/wp-content\/uploads\/2025\/02\/Captura-de-pantalla-2025-02-13-a-las-9.41.26.png\" class=\"attachment-large size-large wp-image-2416\" alt=\"\" srcset=\"https:\/\/hotelgrumsbarcelona.com\/wp-content\/uploads\/2025\/02\/Captura-de-pantalla-2025-02-13-a-las-9.41.26.png 914w, https:\/\/hotelgrumsbarcelona.com\/wp-content\/uploads\/2025\/02\/Captura-de-pantalla-2025-02-13-a-las-9.41.26-300x228.png 300w, https:\/\/hotelgrumsbarcelona.com\/wp-content\/uploads\/2025\/02\/Captura-de-pantalla-2025-02-13-a-las-9.41.26-768x585.png 768w\" sizes=\"(max-width: 800px) 100vw, 800px\" \/>\t\t\t\t\t\t\t\t\t\t\t\t\t\t\t<\/div>\n\t\t\t\t<\/div>\n\t\t\t\t<\/div>\n\t\t<div class=\"elementor-element elementor-element-c5288f5 e-con-full e-flex e-con e-child\" data-id=\"c5288f5\" data-element_type=\"container\" data-e-type=\"container\">\n\t\t\t\t<div class=\"elementor-element elementor-element-86d3822 elementor-widget elementor-widget-heading\" data-id=\"86d3822\" data-element_type=\"widget\" data-e-type=\"widget\" data-widget_type=\"heading.default\">\n\t\t\t\t<div class=\"elementor-widget-container\">\n\t\t\t\t\t<h2 class=\"elementor-heading-title elementor-size-default\">BUCHEN SIE IHREN PLATZ BEI GRUMS<\/h2>\t\t\t\t<\/div>\n\t\t\t\t<\/div>\n\t\t\t\t<div class=\"elementor-element elementor-element-23338b2 elementor-widget elementor-widget-heading\" data-id=\"23338b2\" data-element_type=\"widget\" data-e-type=\"widget\" data-widget_type=\"heading.default\">\n\t\t\t\t<div class=\"elementor-widget-container\">\n\t\t\t\t\t<h2 class=\"elementor-heading-title elementor-size-default\">BUCHEN SIE JETZT IHREN PARKPLATZ<\/h2>\t\t\t\t<\/div>\n\t\t\t\t<\/div>\n\t\t\t\t<div class=\"elementor-element elementor-element-e36232a elementor-widget elementor-widget-text-editor\" data-id=\"e36232a\" data-element_type=\"widget\" data-e-type=\"widget\" data-widget_type=\"text-editor.default\">\n\t\t\t\t<div class=\"elementor-widget-container\">\n\t\t\t\t\t\t\t\t\t<p data-start=\"92\" data-end=\"422\">Das Hotel verf\u00fcgt \u00fcber einen privaten Parkplatz, der Ihnen f\u00fcr die gesamte Dauer Ihres Aufenthaltes nach Reservierung zur Verf\u00fcgung steht. Es ist der ideale Ort f\u00fcr G\u00e4ste, die einen sicheren Stellplatz f\u00fcr ihr Fahrzeug ben\u00f6tigen. Bemerkenswert ist, dass von all unseren Stellpl\u00e4tzen lediglich zwei mit 22 kW Tesla-Chargern ausgestattet sind, welche ebenfalls vorab reserviert werden k\u00f6nnen.  <\/p><p data-start=\"424\" data-end=\"542\">Um Ihren Parkplatz zu reservieren oder weitere Informationen zu erhalten, kontaktieren Sie uns bitte \u00fcber <span style=\"color: #003366;\"><a style=\"color: #003366;\" href=\"mailto:reservas@hotelgrums.com\">reservas@hotelgrums.com<\/a><\/span><\/p>\t\t\t\t\t\t\t\t<\/div>\n\t\t\t\t<\/div>\n\t\t\t\t<\/div>\n\t\t\t\t\t<\/div>\n\t\t\t\t<\/div>\n\t\t\t\t<\/div>\n\t\t","protected":false},"excerpt":{"rendered":"<p>Parken PRIVATER PARKPLATZ IM GLEICHEN HOTEL TESLA-LADESTATIONEN W\u00c4HREND IHRES AUFENTHALTS F\u00fcr den Komfort unserer G\u00e4ste, die mit Elektrofahrzeugen anreisen, verf\u00fcgen wir in unserem Hotel \u00fcber zwei Tesla-Ladestationen mit jeweils 22 kW. Diese Ladepunkte stehen nach vorheriger Reservierung zur Verf\u00fcgung und k\u00f6nnen per E-Mail angefragt werden. Wir befinden uns in zentraler Lage in Barcelona, \u200b\u200bwas unsere [&hellip;]<\/p>\n","protected":false},"author":1,"featured_media":2038,"parent":0,"menu_order":0,"comment_status":"closed","ping_status":"closed","template":"","meta":{"_monsterinsights_skip_tracking":false,"_monsterinsights_sitenote_active":false,"_monsterinsights_sitenote_note":"","_monsterinsights_sitenote_category":0,"_uf_show_specific_survey":0,"_uf_disable_surveys":false,"footnotes":""},"class_list":["post-3200","page","type-page","status-publish","has-post-thumbnail","hentry"],"yoast_head":"<!-- This site is optimized with the Yoast SEO plugin v27.4 - https:\/\/yoast.com\/product\/yoast-seo-wordpress\/ -->\n<title>Hotel mit Privatparkplatz in Barcelona<\/title>\n<meta name=\"description\" content=\"Hotel mit privatem Parkplatz in Barcelona. Im Hotel Grums k\u00f6nnen Sie f\u00fcr die Dauer Ihres Aufenthalts Ihren Privatparkplatz reservieren.\" \/>\n<meta name=\"robots\" content=\"index, follow, max-snippet:-1, max-image-preview:large, max-video-preview:-1\" \/>\n<link rel=\"canonical\" href=\"https:\/\/hotelgrumsbarcelona.com\/de\/parken\/\" \/>\n<meta property=\"og:locale\" content=\"de_DE\" \/>\n<meta property=\"og:type\" content=\"article\" \/>\n<meta property=\"og:title\" content=\"Hotel mit Privatparkplatz in Barcelona\" \/>\n<meta property=\"og:description\" content=\"Hotel mit privatem Parkplatz in Barcelona. Im Hotel Grums k\u00f6nnen Sie f\u00fcr die Dauer Ihres Aufenthalts Ihren Privatparkplatz reservieren.\" \/>\n<meta property=\"og:url\" content=\"https:\/\/hotelgrumsbarcelona.com\/de\/parken\/\" \/>\n<meta property=\"og:site_name\" content=\"Grums\" \/>\n<meta property=\"article:publisher\" content=\"https:\/\/www.facebook.com\/HotelGrumsBarcelona\/\" \/>\n<meta property=\"article:modified_time\" content=\"2025-07-18T17:07:34+00:00\" \/>\n<meta property=\"og:image\" content=\"https:\/\/hotelgrumsbarcelona.com\/wp-content\/uploads\/2025\/01\/Captura-de-pantalla-2025-01-21-a-las-18.11.48.webp\" \/>\n\t<meta property=\"og:image:width\" content=\"838\" \/>\n\t<meta property=\"og:image:height\" content=\"634\" \/>\n\t<meta property=\"og:image:type\" content=\"image\/webp\" \/>\n<meta name=\"twitter:card\" content=\"summary_large_image\" \/>\n<meta name=\"twitter:site\" content=\"@grumsbarcelona\" \/>\n<meta name=\"twitter:label1\" content=\"Gesch\u00e4tzte Lesezeit\" \/>\n\t<meta name=\"twitter:data1\" content=\"1\u00a0Minute\" \/>\n<script type=\"application\/ld+json\" class=\"yoast-schema-graph\">{\"@context\":\"https:\\\/\\\/schema.org\",\"@graph\":[{\"@type\":\"WebPage\",\"@id\":\"https:\\\/\\\/hotelgrumsbarcelona.com\\\/de\\\/parken\\\/\",\"url\":\"https:\\\/\\\/hotelgrumsbarcelona.com\\\/de\\\/parken\\\/\",\"name\":\"Hotel mit Privatparkplatz in Barcelona\",\"isPartOf\":{\"@id\":\"https:\\\/\\\/hotelgrumsbarcelona.com\\\/#website\"},\"primaryImageOfPage\":{\"@id\":\"https:\\\/\\\/hotelgrumsbarcelona.com\\\/de\\\/parken\\\/#primaryimage\"},\"image\":{\"@id\":\"https:\\\/\\\/hotelgrumsbarcelona.com\\\/de\\\/parken\\\/#primaryimage\"},\"thumbnailUrl\":\"https:\\\/\\\/hotelgrumsbarcelona.com\\\/wp-content\\\/uploads\\\/2025\\\/01\\\/Captura-de-pantalla-2025-01-21-a-las-18.11.48.webp\",\"datePublished\":\"2025-02-13T08:43:06+00:00\",\"dateModified\":\"2025-07-18T17:07:34+00:00\",\"description\":\"Hotel mit privatem Parkplatz in Barcelona. Im Hotel Grums k\u00f6nnen Sie f\u00fcr die Dauer Ihres Aufenthalts Ihren Privatparkplatz reservieren.\",\"breadcrumb\":{\"@id\":\"https:\\\/\\\/hotelgrumsbarcelona.com\\\/de\\\/parken\\\/#breadcrumb\"},\"inLanguage\":\"de\",\"potentialAction\":[{\"@type\":\"ReadAction\",\"target\":[\"https:\\\/\\\/hotelgrumsbarcelona.com\\\/de\\\/parken\\\/\"]}]},{\"@type\":\"ImageObject\",\"inLanguage\":\"de\",\"@id\":\"https:\\\/\\\/hotelgrumsbarcelona.com\\\/de\\\/parken\\\/#primaryimage\",\"url\":\"https:\\\/\\\/hotelgrumsbarcelona.com\\\/wp-content\\\/uploads\\\/2025\\\/01\\\/Captura-de-pantalla-2025-01-21-a-las-18.11.48.webp\",\"contentUrl\":\"https:\\\/\\\/hotelgrumsbarcelona.com\\\/wp-content\\\/uploads\\\/2025\\\/01\\\/Captura-de-pantalla-2025-01-21-a-las-18.11.48.webp\",\"width\":838,\"height\":634,\"caption\":\"Hotel con parking privado en Barcelona. En Hotel Grums puedes reservar tu plaza de parking privado mientras te alojas.\"},{\"@type\":\"BreadcrumbList\",\"@id\":\"https:\\\/\\\/hotelgrumsbarcelona.com\\\/de\\\/parken\\\/#breadcrumb\",\"itemListElement\":[{\"@type\":\"ListItem\",\"position\":1,\"name\":\"Portada\",\"item\":\"https:\\\/\\\/hotelgrumsbarcelona.com\\\/\"},{\"@type\":\"ListItem\",\"position\":2,\"name\":\"Parken\"}]},{\"@type\":\"WebSite\",\"@id\":\"https:\\\/\\\/hotelgrumsbarcelona.com\\\/#website\",\"url\":\"https:\\\/\\\/hotelgrumsbarcelona.com\\\/\",\"name\":\"Hotel Grums & SPA Barcelona\",\"description\":\"Hotel Grums &amp; SPA en Barcelona. Hotel c\u00e9ntrico en Barcelona\",\"publisher\":{\"@id\":\"https:\\\/\\\/hotelgrumsbarcelona.com\\\/#organization\"},\"alternateName\":\"Hotel Grums & SPA Barcelona\",\"potentialAction\":[{\"@type\":\"SearchAction\",\"target\":{\"@type\":\"EntryPoint\",\"urlTemplate\":\"https:\\\/\\\/hotelgrumsbarcelona.com\\\/?s={search_term_string}\"},\"query-input\":{\"@type\":\"PropertyValueSpecification\",\"valueRequired\":true,\"valueName\":\"search_term_string\"}}],\"inLanguage\":\"de\"},{\"@type\":\"Organization\",\"@id\":\"https:\\\/\\\/hotelgrumsbarcelona.com\\\/#organization\",\"name\":\"Hotel Grums Barcelona\",\"url\":\"https:\\\/\\\/hotelgrumsbarcelona.com\\\/\",\"logo\":{\"@type\":\"ImageObject\",\"inLanguage\":\"de\",\"@id\":\"https:\\\/\\\/hotelgrumsbarcelona.com\\\/#\\\/schema\\\/logo\\\/image\\\/\",\"url\":\"https:\\\/\\\/hotelgrumsbarcelona.com\\\/wp-content\\\/uploads\\\/2025\\\/01\\\/cropped-Recurso-21.png\",\"contentUrl\":\"https:\\\/\\\/hotelgrumsbarcelona.com\\\/wp-content\\\/uploads\\\/2025\\\/01\\\/cropped-Recurso-21.png\",\"width\":512,\"height\":512,\"caption\":\"Hotel Grums Barcelona\"},\"image\":{\"@id\":\"https:\\\/\\\/hotelgrumsbarcelona.com\\\/#\\\/schema\\\/logo\\\/image\\\/\"},\"sameAs\":[\"https:\\\/\\\/www.facebook.com\\\/HotelGrumsBarcelona\\\/\",\"https:\\\/\\\/x.com\\\/grumsbarcelona\",\"https:\\\/\\\/www.instagram.com\\\/grumshotelspa\\\/\"]}]}<\/script>\n<!-- \/ Yoast SEO plugin. -->","yoast_head_json":{"title":"Hotel mit Privatparkplatz in Barcelona","description":"Hotel mit privatem Parkplatz in Barcelona. Im Hotel Grums k\u00f6nnen Sie f\u00fcr die Dauer Ihres Aufenthalts Ihren Privatparkplatz reservieren.","robots":{"index":"index","follow":"follow","max-snippet":"max-snippet:-1","max-image-preview":"max-image-preview:large","max-video-preview":"max-video-preview:-1"},"canonical":"https:\/\/hotelgrumsbarcelona.com\/de\/parken\/","og_locale":"de_DE","og_type":"article","og_title":"Hotel mit Privatparkplatz in Barcelona","og_description":"Hotel mit privatem Parkplatz in Barcelona. Im Hotel Grums k\u00f6nnen Sie f\u00fcr die Dauer Ihres Aufenthalts Ihren Privatparkplatz reservieren.","og_url":"https:\/\/hotelgrumsbarcelona.com\/de\/parken\/","og_site_name":"Grums","article_publisher":"https:\/\/www.facebook.com\/HotelGrumsBarcelona\/","article_modified_time":"2025-07-18T17:07:34+00:00","og_image":[{"width":838,"height":634,"url":"https:\/\/hotelgrumsbarcelona.com\/wp-content\/uploads\/2025\/01\/Captura-de-pantalla-2025-01-21-a-las-18.11.48.webp","type":"image\/webp"}],"twitter_card":"summary_large_image","twitter_site":"@grumsbarcelona","twitter_misc":{"Gesch\u00e4tzte Lesezeit":"1\u00a0Minute"},"schema":{"@context":"https:\/\/schema.org","@graph":[{"@type":"WebPage","@id":"https:\/\/hotelgrumsbarcelona.com\/de\/parken\/","url":"https:\/\/hotelgrumsbarcelona.com\/de\/parken\/","name":"Hotel mit Privatparkplatz in Barcelona","isPartOf":{"@id":"https:\/\/hotelgrumsbarcelona.com\/#website"},"primaryImageOfPage":{"@id":"https:\/\/hotelgrumsbarcelona.com\/de\/parken\/#primaryimage"},"image":{"@id":"https:\/\/hotelgrumsbarcelona.com\/de\/parken\/#primaryimage"},"thumbnailUrl":"https:\/\/hotelgrumsbarcelona.com\/wp-content\/uploads\/2025\/01\/Captura-de-pantalla-2025-01-21-a-las-18.11.48.webp","datePublished":"2025-02-13T08:43:06+00:00","dateModified":"2025-07-18T17:07:34+00:00","description":"Hotel mit privatem Parkplatz in Barcelona. Im Hotel Grums k\u00f6nnen Sie f\u00fcr die Dauer Ihres Aufenthalts Ihren Privatparkplatz reservieren.","breadcrumb":{"@id":"https:\/\/hotelgrumsbarcelona.com\/de\/parken\/#breadcrumb"},"inLanguage":"de","potentialAction":[{"@type":"ReadAction","target":["https:\/\/hotelgrumsbarcelona.com\/de\/parken\/"]}]},{"@type":"ImageObject","inLanguage":"de","@id":"https:\/\/hotelgrumsbarcelona.com\/de\/parken\/#primaryimage","url":"https:\/\/hotelgrumsbarcelona.com\/wp-content\/uploads\/2025\/01\/Captura-de-pantalla-2025-01-21-a-las-18.11.48.webp","contentUrl":"https:\/\/hotelgrumsbarcelona.com\/wp-content\/uploads\/2025\/01\/Captura-de-pantalla-2025-01-21-a-las-18.11.48.webp","width":838,"height":634,"caption":"Hotel con parking privado en Barcelona. En Hotel Grums puedes reservar tu plaza de parking privado mientras te alojas."},{"@type":"BreadcrumbList","@id":"https:\/\/hotelgrumsbarcelona.com\/de\/parken\/#breadcrumb","itemListElement":[{"@type":"ListItem","position":1,"name":"Portada","item":"https:\/\/hotelgrumsbarcelona.com\/"},{"@type":"ListItem","position":2,"name":"Parken"}]},{"@type":"WebSite","@id":"https:\/\/hotelgrumsbarcelona.com\/#website","url":"https:\/\/hotelgrumsbarcelona.com\/","name":"Hotel Grums & SPA Barcelona","description":"Hotel Grums &amp; SPA en Barcelona. Hotel c\u00e9ntrico en Barcelona","publisher":{"@id":"https:\/\/hotelgrumsbarcelona.com\/#organization"},"alternateName":"Hotel Grums & SPA Barcelona","potentialAction":[{"@type":"SearchAction","target":{"@type":"EntryPoint","urlTemplate":"https:\/\/hotelgrumsbarcelona.com\/?s={search_term_string}"},"query-input":{"@type":"PropertyValueSpecification","valueRequired":true,"valueName":"search_term_string"}}],"inLanguage":"de"},{"@type":"Organization","@id":"https:\/\/hotelgrumsbarcelona.com\/#organization","name":"Hotel Grums Barcelona","url":"https:\/\/hotelgrumsbarcelona.com\/","logo":{"@type":"ImageObject","inLanguage":"de","@id":"https:\/\/hotelgrumsbarcelona.com\/#\/schema\/logo\/image\/","url":"https:\/\/hotelgrumsbarcelona.com\/wp-content\/uploads\/2025\/01\/cropped-Recurso-21.png","contentUrl":"https:\/\/hotelgrumsbarcelona.com\/wp-content\/uploads\/2025\/01\/cropped-Recurso-21.png","width":512,"height":512,"caption":"Hotel Grums Barcelona"},"image":{"@id":"https:\/\/hotelgrumsbarcelona.com\/#\/schema\/logo\/image\/"},"sameAs":["https:\/\/www.facebook.com\/HotelGrumsBarcelona\/","https:\/\/x.com\/grumsbarcelona","https:\/\/www.instagram.com\/grumshotelspa\/"]}]}},"_links":{"self":[{"href":"https:\/\/hotelgrumsbarcelona.com\/de\/wp-json\/wp\/v2\/pages\/3200","targetHints":{"allow":["GET"]}}],"collection":[{"href":"https:\/\/hotelgrumsbarcelona.com\/de\/wp-json\/wp\/v2\/pages"}],"about":[{"href":"https:\/\/hotelgrumsbarcelona.com\/de\/wp-json\/wp\/v2\/types\/page"}],"author":[{"embeddable":true,"href":"https:\/\/hotelgrumsbarcelona.com\/de\/wp-json\/wp\/v2\/users\/1"}],"replies":[{"embeddable":true,"href":"https:\/\/hotelgrumsbarcelona.com\/de\/wp-json\/wp\/v2\/comments?post=3200"}],"version-history":[{"count":0,"href":"https:\/\/hotelgrumsbarcelona.com\/de\/wp-json\/wp\/v2\/pages\/3200\/revisions"}],"wp:featuredmedia":[{"embeddable":true,"href":"https:\/\/hotelgrumsbarcelona.com\/de\/wp-json\/wp\/v2\/media\/2038"}],"wp:attachment":[{"href":"https:\/\/hotelgrumsbarcelona.com\/de\/wp-json\/wp\/v2\/media?parent=3200"}],"curies":[{"name":"wp","href":"https:\/\/api.w.org\/{rel}","templated":true}]}}