{"id":3192,"date":"2025-02-13T08:43:06","date_gmt":"2025-02-13T08:43:06","guid":{"rendered":"https:\/\/hotelgrumsbarcelona.com\/parquing\/"},"modified":"2025-07-18T17:07:52","modified_gmt":"2025-07-18T17:07:52","slug":"parquing","status":"publish","type":"page","link":"https:\/\/hotelgrumsbarcelona.com\/ca\/parquing\/","title":{"rendered":"P\u00e0rquing"},"content":{"rendered":"\t\t<div data-elementor-type=\"wp-page\" data-elementor-id=\"3192\" class=\"elementor elementor-3192 elementor-1786\" data-elementor-post-type=\"page\">\n\t\t\t\t<div class=\"elementor-element elementor-element-ee6ee5d e-flex e-con-boxed e-con e-parent\" data-id=\"ee6ee5d\" data-element_type=\"container\" data-e-type=\"container\" data-settings=\"{&quot;background_background&quot;:&quot;classic&quot;}\">\n\t\t\t\t\t<div class=\"e-con-inner\">\n\t\t\t\t<div class=\"elementor-element elementor-element-6d75259 elementor-widget elementor-widget-heading\" data-id=\"6d75259\" data-element_type=\"widget\" data-e-type=\"widget\" data-widget_type=\"heading.default\">\n\t\t\t\t<div class=\"elementor-widget-container\">\n\t\t\t\t\t<h2 class=\"elementor-heading-title elementor-size-default\">P\u00c0RQUING<\/h2>\t\t\t\t<\/div>\n\t\t\t\t<\/div>\n\t\t\t\t<div class=\"elementor-element elementor-element-e575df3 elementor-widget elementor-widget-text-editor\" data-id=\"e575df3\" data-element_type=\"widget\" data-e-type=\"widget\" data-widget_type=\"text-editor.default\">\n\t\t\t\t<div class=\"elementor-widget-container\">\n\t\t\t\t\t\t\t\t\t<p>P\u00c0RQUING PRIVAT AL MATEIX HOTEL<\/p>\t\t\t\t\t\t\t\t<\/div>\n\t\t\t\t<\/div>\n\t\t\t\t\t<\/div>\n\t\t\t\t<\/div>\n\t\t<div class=\"elementor-element elementor-element-1a90cd7 e-flex e-con-boxed e-con e-parent\" data-id=\"1a90cd7\" data-element_type=\"container\" data-e-type=\"container\">\n\t\t\t\t\t<div class=\"e-con-inner\">\n\t\t<div class=\"elementor-element elementor-element-f2a1193 e-con-full e-flex e-con e-child\" data-id=\"f2a1193\" data-element_type=\"container\" data-e-type=\"container\">\n\t\t\t\t<div class=\"elementor-element elementor-element-abbfe95 elementor-widget elementor-widget-heading\" data-id=\"abbfe95\" data-element_type=\"widget\" data-e-type=\"widget\" data-widget_type=\"heading.default\">\n\t\t\t\t<div class=\"elementor-widget-container\">\n\t\t\t\t\t<h2 class=\"elementor-heading-title elementor-size-default\">PUNTS DE C\u00c0RREGA TESLA<\/h2>\t\t\t\t<\/div>\n\t\t\t\t<\/div>\n\t\t\t\t<div class=\"elementor-element elementor-element-f79b62e elementor-widget elementor-widget-heading\" data-id=\"f79b62e\" data-element_type=\"widget\" data-e-type=\"widget\" data-widget_type=\"heading.default\">\n\t\t\t\t<div class=\"elementor-widget-container\">\n\t\t\t\t\t<h2 class=\"elementor-heading-title elementor-size-default\">DURANT LA TEVA ESTADA<\/h2>\t\t\t\t<\/div>\n\t\t\t\t<\/div>\n\t\t\t\t<div class=\"elementor-element elementor-element-e97dd34 elementor-widget elementor-widget-image\" data-id=\"e97dd34\" data-element_type=\"widget\" data-e-type=\"widget\" data-widget_type=\"image.default\">\n\t\t\t\t<div class=\"elementor-widget-container\">\n\t\t\t\t\t\t\t\t\t\t\t\t\t\t\t<img fetchpriority=\"high\" decoding=\"async\" width=\"800\" height=\"172\" src=\"https:\/\/hotelgrumsbarcelona.com\/wp-content\/uploads\/2025\/02\/Captura-de-pantalla-2025-02-13-a-las-9.29.53.png\" class=\"attachment-large size-large wp-image-3193\" alt=\"\" srcset=\"https:\/\/hotelgrumsbarcelona.com\/wp-content\/uploads\/2025\/02\/Captura-de-pantalla-2025-02-13-a-las-9.29.53.png 984w, https:\/\/hotelgrumsbarcelona.com\/wp-content\/uploads\/2025\/02\/Captura-de-pantalla-2025-02-13-a-las-9.29.53-300x65.png 300w, https:\/\/hotelgrumsbarcelona.com\/wp-content\/uploads\/2025\/02\/Captura-de-pantalla-2025-02-13-a-las-9.29.53-768x165.png 768w\" sizes=\"(max-width: 800px) 100vw, 800px\" \/>\t\t\t\t\t\t\t\t\t\t\t\t\t\t\t<\/div>\n\t\t\t\t<\/div>\n\t\t\t\t<div class=\"elementor-element elementor-element-128bf36 elementor-widget elementor-widget-text-editor\" data-id=\"128bf36\" data-element_type=\"widget\" data-e-type=\"widget\" data-widget_type=\"text-editor.default\">\n\t\t\t\t<div class=\"elementor-widget-container\">\n\t\t\t\t\t\t\t\t\t<p data-start=\"139\" data-end=\"554\">Al nostre hotel, oferim dos punts de c\u00e0rrega Tesla de 22 kW cadascun per a la comoditat dels nostres hostes que viatgen en vehicles el\u00e8ctrics. Aquests punts de c\u00e0rrega estan disponibles sota reserva pr\u00e8via, i es poden sol\u00b7licitar per correu electr\u00f2nic. Ens trobem en una ubicaci\u00f3 c\u00e8ntrica a Barcelona, \u200b\u200bcosa que fa que els nostres serveis de c\u00e0rrega siguin una opci\u00f3 pr\u00e0ctica i accessible durant la vostra estada.  <\/p><p data-start=\"556\" data-end=\"684\">Per a m\u00e9s informaci\u00f3 o per fer una reserva, si us plau, poseu-vos en contacte amb nosaltres a trav\u00e9s de <span style=\"color: #003366;\"><a style=\"color: #003366;\" href=\"mailto:reservas@hotelgrums.com\">reservas@hotelgrums.com<\/a><\/span><\/p>\t\t\t\t\t\t\t\t<\/div>\n\t\t\t\t<\/div>\n\t\t\t\t<\/div>\n\t\t<div class=\"elementor-element elementor-element-d583607 e-con-full e-flex e-con e-child\" data-id=\"d583607\" data-element_type=\"container\" data-e-type=\"container\">\n\t\t\t\t<div class=\"elementor-element elementor-element-20adcdd elementor-widget elementor-widget-image\" data-id=\"20adcdd\" data-element_type=\"widget\" data-e-type=\"widget\" data-widget_type=\"image.default\">\n\t\t\t\t<div class=\"elementor-widget-container\">\n\t\t\t\t\t\t\t\t\t\t\t\t\t\t\t<img decoding=\"async\" width=\"800\" height=\"536\" src=\"https:\/\/hotelgrumsbarcelona.com\/wp-content\/uploads\/2025\/02\/Cargador-Tesla-Hotel-grums-min-1024x686.png\" class=\"attachment-large size-large wp-image-3194\" alt=\"\" srcset=\"https:\/\/hotelgrumsbarcelona.com\/wp-content\/uploads\/2025\/02\/Cargador-Tesla-Hotel-grums-min-1024x686.png 1024w, https:\/\/hotelgrumsbarcelona.com\/wp-content\/uploads\/2025\/02\/Cargador-Tesla-Hotel-grums-min-300x201.png 300w, https:\/\/hotelgrumsbarcelona.com\/wp-content\/uploads\/2025\/02\/Cargador-Tesla-Hotel-grums-min-768x514.png 768w, https:\/\/hotelgrumsbarcelona.com\/wp-content\/uploads\/2025\/02\/Cargador-Tesla-Hotel-grums-min.png 1332w\" sizes=\"(max-width: 800px) 100vw, 800px\" \/>\t\t\t\t\t\t\t\t\t\t\t\t\t\t\t<\/div>\n\t\t\t\t<\/div>\n\t\t\t\t<\/div>\n\t\t\t\t\t<\/div>\n\t\t\t\t<\/div>\n\t\t<div class=\"elementor-element elementor-element-0289798 e-flex e-con-boxed e-con e-parent\" data-id=\"0289798\" data-element_type=\"container\" data-e-type=\"container\">\n\t\t\t\t\t<div class=\"e-con-inner\">\n\t\t<div class=\"elementor-element elementor-element-feab391 e-con-full e-flex e-con e-child\" data-id=\"feab391\" data-element_type=\"container\" data-e-type=\"container\">\n\t\t\t\t<div class=\"elementor-element elementor-element-3855684 elementor-widget elementor-widget-image\" data-id=\"3855684\" data-element_type=\"widget\" data-e-type=\"widget\" data-widget_type=\"image.default\">\n\t\t\t\t<div class=\"elementor-widget-container\">\n\t\t\t\t\t\t\t\t\t\t\t\t\t\t\t<img decoding=\"async\" width=\"800\" height=\"609\" src=\"https:\/\/hotelgrumsbarcelona.com\/wp-content\/uploads\/2025\/02\/Captura-de-pantalla-2025-02-13-a-las-9.41.26.png\" class=\"attachment-large size-large wp-image-2719\" alt=\"\" srcset=\"https:\/\/hotelgrumsbarcelona.com\/wp-content\/uploads\/2025\/02\/Captura-de-pantalla-2025-02-13-a-las-9.41.26.png 914w, https:\/\/hotelgrumsbarcelona.com\/wp-content\/uploads\/2025\/02\/Captura-de-pantalla-2025-02-13-a-las-9.41.26-300x228.png 300w, https:\/\/hotelgrumsbarcelona.com\/wp-content\/uploads\/2025\/02\/Captura-de-pantalla-2025-02-13-a-las-9.41.26-768x585.png 768w\" sizes=\"(max-width: 800px) 100vw, 800px\" \/>\t\t\t\t\t\t\t\t\t\t\t\t\t\t\t<\/div>\n\t\t\t\t<\/div>\n\t\t\t\t<\/div>\n\t\t<div class=\"elementor-element elementor-element-c5288f5 e-con-full e-flex e-con e-child\" data-id=\"c5288f5\" data-element_type=\"container\" data-e-type=\"container\">\n\t\t\t\t<div class=\"elementor-element elementor-element-86d3822 elementor-widget elementor-widget-heading\" data-id=\"86d3822\" data-element_type=\"widget\" data-e-type=\"widget\" data-widget_type=\"heading.default\">\n\t\t\t\t<div class=\"elementor-widget-container\">\n\t\t\t\t\t<h2 class=\"elementor-heading-title elementor-size-default\">RESERVA LA TEVA PLA\u00c7A A GRUMS<\/h2>\t\t\t\t<\/div>\n\t\t\t\t<\/div>\n\t\t\t\t<div class=\"elementor-element elementor-element-23338b2 elementor-widget elementor-widget-heading\" data-id=\"23338b2\" data-element_type=\"widget\" data-e-type=\"widget\" data-widget_type=\"heading.default\">\n\t\t\t\t<div class=\"elementor-widget-container\">\n\t\t\t\t\t<h2 class=\"elementor-heading-title elementor-size-default\">RESERVA JA LA TEVA PLA\u00c7A DE P\u00c0RQUING<\/h2>\t\t\t\t<\/div>\n\t\t\t\t<\/div>\n\t\t\t\t<div class=\"elementor-element elementor-element-e36232a elementor-widget elementor-widget-text-editor\" data-id=\"e36232a\" data-element_type=\"widget\" data-e-type=\"widget\" data-widget_type=\"text-editor.default\">\n\t\t\t\t<div class=\"elementor-widget-container\">\n\t\t\t\t\t\t\t\t\t<p data-start=\"92\" data-end=\"422\">L\u00b4hotel disposa d\u00b4un aparcament privat disponible sota reserva durant tota l\u00b4estada. \u00c9s el lloc ideal per a aquells hostes que necessitin un espai segur per al vostre vehicle. Cal destacar que de totes les nostres places, nom\u00e9s dues estan equipades amb carregadors Tesla de 22 kW, que tamb\u00e9 poden ser reservades amb antelaci\u00f3.  <\/p><p data-start=\"424\" data-end=\"542\">Per reservar la vostra pla\u00e7a de p\u00e0rquing o obtenir m\u00e9s informaci\u00f3, no dubteu a contactar-nos a trav\u00e9s de <span style=\"color: #003366;\"><a style=\"color: #003366;\" href=\"mailto:reservas@hotelgrums.com\">reservas@hotelgrums.com<\/a><\/span><\/p>\t\t\t\t\t\t\t\t<\/div>\n\t\t\t\t<\/div>\n\t\t\t\t<\/div>\n\t\t\t\t\t<\/div>\n\t\t\t\t<\/div>\n\t\t\t\t<\/div>\n\t\t","protected":false},"excerpt":{"rendered":"<p>P\u00c0RQUING P\u00c0RQUING PRIVAT AL MATEIX HOTEL PUNTS DE C\u00c0RREGA TESLA DURANT LA TEVA ESTADA Al nostre hotel, oferim dos punts de c\u00e0rrega Tesla de 22 kW cadascun per a la comoditat dels nostres hostes que viatgen en vehicles el\u00e8ctrics. Aquests punts de c\u00e0rrega estan disponibles sota reserva pr\u00e8via, i es poden sol\u00b7licitar per correu electr\u00f2nic. [&hellip;]<\/p>\n","protected":false},"author":1,"featured_media":2919,"parent":0,"menu_order":0,"comment_status":"closed","ping_status":"closed","template":"","meta":{"_monsterinsights_skip_tracking":false,"_monsterinsights_sitenote_active":false,"_monsterinsights_sitenote_note":"","_monsterinsights_sitenote_category":0,"_uf_show_specific_survey":0,"_uf_disable_surveys":false,"footnotes":""},"class_list":["post-3192","page","type-page","status-publish","has-post-thumbnail","hentry"],"yoast_head":"<!-- This site is optimized with the Yoast SEO plugin v27.4 - https:\/\/yoast.com\/product\/yoast-seo-wordpress\/ -->\n<title>Hotel amb p\u00e0rquing privat a Barcelona<\/title>\n<meta name=\"description\" content=\"Hotel amb p\u00e0rquing privat a Barcelona. A Hotel Grums pots reservar la teva pla\u00e7a de p\u00e0rquing privat mentre t&#039;allotges.\" \/>\n<meta name=\"robots\" content=\"index, follow, max-snippet:-1, max-image-preview:large, max-video-preview:-1\" \/>\n<link rel=\"canonical\" href=\"https:\/\/hotelgrumsbarcelona.com\/ca\/parquing\/\" \/>\n<meta property=\"og:locale\" content=\"ca_ES\" \/>\n<meta property=\"og:type\" content=\"article\" \/>\n<meta property=\"og:title\" content=\"Hotel amb p\u00e0rquing privat a Barcelona\" \/>\n<meta property=\"og:description\" content=\"Hotel amb p\u00e0rquing privat a Barcelona. A Hotel Grums pots reservar la teva pla\u00e7a de p\u00e0rquing privat mentre t&#039;allotges.\" \/>\n<meta property=\"og:url\" content=\"https:\/\/hotelgrumsbarcelona.com\/ca\/parquing\/\" \/>\n<meta property=\"og:site_name\" content=\"Grums\" \/>\n<meta property=\"article:publisher\" content=\"https:\/\/www.facebook.com\/HotelGrumsBarcelona\/\" \/>\n<meta property=\"article:modified_time\" content=\"2025-07-18T17:07:52+00:00\" \/>\n<meta property=\"og:image\" content=\"https:\/\/hotelgrumsbarcelona.com\/wp-content\/uploads\/2025\/01\/Captura-de-pantalla-2025-01-21-a-las-18.11.48.webp\" \/>\n\t<meta property=\"og:image:width\" content=\"838\" \/>\n\t<meta property=\"og:image:height\" content=\"634\" \/>\n\t<meta property=\"og:image:type\" content=\"image\/webp\" \/>\n<meta name=\"twitter:card\" content=\"summary_large_image\" \/>\n<meta name=\"twitter:site\" content=\"@grumsbarcelona\" \/>\n<meta name=\"twitter:label1\" content=\"Temps estimat de lectura\" \/>\n\t<meta name=\"twitter:data1\" content=\"1 minut\" \/>\n<script type=\"application\/ld+json\" class=\"yoast-schema-graph\">{\"@context\":\"https:\\\/\\\/schema.org\",\"@graph\":[{\"@type\":\"WebPage\",\"@id\":\"https:\\\/\\\/hotelgrumsbarcelona.com\\\/ca\\\/parquing\\\/\",\"url\":\"https:\\\/\\\/hotelgrumsbarcelona.com\\\/ca\\\/parquing\\\/\",\"name\":\"Hotel amb p\u00e0rquing privat a Barcelona\",\"isPartOf\":{\"@id\":\"https:\\\/\\\/hotelgrumsbarcelona.com\\\/#website\"},\"primaryImageOfPage\":{\"@id\":\"https:\\\/\\\/hotelgrumsbarcelona.com\\\/ca\\\/parquing\\\/#primaryimage\"},\"image\":{\"@id\":\"https:\\\/\\\/hotelgrumsbarcelona.com\\\/ca\\\/parquing\\\/#primaryimage\"},\"thumbnailUrl\":\"https:\\\/\\\/hotelgrumsbarcelona.com\\\/wp-content\\\/uploads\\\/2025\\\/01\\\/Captura-de-pantalla-2025-01-21-a-las-18.11.48.webp\",\"datePublished\":\"2025-02-13T08:43:06+00:00\",\"dateModified\":\"2025-07-18T17:07:52+00:00\",\"description\":\"Hotel amb p\u00e0rquing privat a Barcelona. A Hotel Grums pots reservar la teva pla\u00e7a de p\u00e0rquing privat mentre t'allotges.\",\"breadcrumb\":{\"@id\":\"https:\\\/\\\/hotelgrumsbarcelona.com\\\/ca\\\/parquing\\\/#breadcrumb\"},\"inLanguage\":\"ca\",\"potentialAction\":[{\"@type\":\"ReadAction\",\"target\":[\"https:\\\/\\\/hotelgrumsbarcelona.com\\\/ca\\\/parquing\\\/\"]}]},{\"@type\":\"ImageObject\",\"inLanguage\":\"ca\",\"@id\":\"https:\\\/\\\/hotelgrumsbarcelona.com\\\/ca\\\/parquing\\\/#primaryimage\",\"url\":\"https:\\\/\\\/hotelgrumsbarcelona.com\\\/wp-content\\\/uploads\\\/2025\\\/01\\\/Captura-de-pantalla-2025-01-21-a-las-18.11.48.webp\",\"contentUrl\":\"https:\\\/\\\/hotelgrumsbarcelona.com\\\/wp-content\\\/uploads\\\/2025\\\/01\\\/Captura-de-pantalla-2025-01-21-a-las-18.11.48.webp\",\"width\":838,\"height\":634,\"caption\":\"Hotel con parking privado en Barcelona. En Hotel Grums puedes reservar tu plaza de parking privado mientras te alojas.\"},{\"@type\":\"BreadcrumbList\",\"@id\":\"https:\\\/\\\/hotelgrumsbarcelona.com\\\/ca\\\/parquing\\\/#breadcrumb\",\"itemListElement\":[{\"@type\":\"ListItem\",\"position\":1,\"name\":\"Portada\",\"item\":\"https:\\\/\\\/hotelgrumsbarcelona.com\\\/\"},{\"@type\":\"ListItem\",\"position\":2,\"name\":\"P\u00e0rquing\"}]},{\"@type\":\"WebSite\",\"@id\":\"https:\\\/\\\/hotelgrumsbarcelona.com\\\/#website\",\"url\":\"https:\\\/\\\/hotelgrumsbarcelona.com\\\/\",\"name\":\"Hotel Grums & SPA Barcelona\",\"description\":\"Hotel Grums &amp; SPA en Barcelona. Hotel c\u00e9ntrico en Barcelona\",\"publisher\":{\"@id\":\"https:\\\/\\\/hotelgrumsbarcelona.com\\\/#organization\"},\"alternateName\":\"Hotel Grums & SPA Barcelona\",\"potentialAction\":[{\"@type\":\"SearchAction\",\"target\":{\"@type\":\"EntryPoint\",\"urlTemplate\":\"https:\\\/\\\/hotelgrumsbarcelona.com\\\/?s={search_term_string}\"},\"query-input\":{\"@type\":\"PropertyValueSpecification\",\"valueRequired\":true,\"valueName\":\"search_term_string\"}}],\"inLanguage\":\"ca\"},{\"@type\":\"Organization\",\"@id\":\"https:\\\/\\\/hotelgrumsbarcelona.com\\\/#organization\",\"name\":\"Hotel Grums Barcelona\",\"url\":\"https:\\\/\\\/hotelgrumsbarcelona.com\\\/\",\"logo\":{\"@type\":\"ImageObject\",\"inLanguage\":\"ca\",\"@id\":\"https:\\\/\\\/hotelgrumsbarcelona.com\\\/#\\\/schema\\\/logo\\\/image\\\/\",\"url\":\"https:\\\/\\\/hotelgrumsbarcelona.com\\\/wp-content\\\/uploads\\\/2025\\\/01\\\/cropped-Recurso-21.png\",\"contentUrl\":\"https:\\\/\\\/hotelgrumsbarcelona.com\\\/wp-content\\\/uploads\\\/2025\\\/01\\\/cropped-Recurso-21.png\",\"width\":512,\"height\":512,\"caption\":\"Hotel Grums Barcelona\"},\"image\":{\"@id\":\"https:\\\/\\\/hotelgrumsbarcelona.com\\\/#\\\/schema\\\/logo\\\/image\\\/\"},\"sameAs\":[\"https:\\\/\\\/www.facebook.com\\\/HotelGrumsBarcelona\\\/\",\"https:\\\/\\\/x.com\\\/grumsbarcelona\",\"https:\\\/\\\/www.instagram.com\\\/grumshotelspa\\\/\"]}]}<\/script>\n<!-- \/ Yoast SEO plugin. -->","yoast_head_json":{"title":"Hotel amb p\u00e0rquing privat a Barcelona","description":"Hotel amb p\u00e0rquing privat a Barcelona. A Hotel Grums pots reservar la teva pla\u00e7a de p\u00e0rquing privat mentre t'allotges.","robots":{"index":"index","follow":"follow","max-snippet":"max-snippet:-1","max-image-preview":"max-image-preview:large","max-video-preview":"max-video-preview:-1"},"canonical":"https:\/\/hotelgrumsbarcelona.com\/ca\/parquing\/","og_locale":"ca_ES","og_type":"article","og_title":"Hotel amb p\u00e0rquing privat a Barcelona","og_description":"Hotel amb p\u00e0rquing privat a Barcelona. A Hotel Grums pots reservar la teva pla\u00e7a de p\u00e0rquing privat mentre t'allotges.","og_url":"https:\/\/hotelgrumsbarcelona.com\/ca\/parquing\/","og_site_name":"Grums","article_publisher":"https:\/\/www.facebook.com\/HotelGrumsBarcelona\/","article_modified_time":"2025-07-18T17:07:52+00:00","og_image":[{"width":838,"height":634,"url":"https:\/\/hotelgrumsbarcelona.com\/wp-content\/uploads\/2025\/01\/Captura-de-pantalla-2025-01-21-a-las-18.11.48.webp","type":"image\/webp"}],"twitter_card":"summary_large_image","twitter_site":"@grumsbarcelona","twitter_misc":{"Temps estimat de lectura":"1 minut"},"schema":{"@context":"https:\/\/schema.org","@graph":[{"@type":"WebPage","@id":"https:\/\/hotelgrumsbarcelona.com\/ca\/parquing\/","url":"https:\/\/hotelgrumsbarcelona.com\/ca\/parquing\/","name":"Hotel amb p\u00e0rquing privat a Barcelona","isPartOf":{"@id":"https:\/\/hotelgrumsbarcelona.com\/#website"},"primaryImageOfPage":{"@id":"https:\/\/hotelgrumsbarcelona.com\/ca\/parquing\/#primaryimage"},"image":{"@id":"https:\/\/hotelgrumsbarcelona.com\/ca\/parquing\/#primaryimage"},"thumbnailUrl":"https:\/\/hotelgrumsbarcelona.com\/wp-content\/uploads\/2025\/01\/Captura-de-pantalla-2025-01-21-a-las-18.11.48.webp","datePublished":"2025-02-13T08:43:06+00:00","dateModified":"2025-07-18T17:07:52+00:00","description":"Hotel amb p\u00e0rquing privat a Barcelona. A Hotel Grums pots reservar la teva pla\u00e7a de p\u00e0rquing privat mentre t'allotges.","breadcrumb":{"@id":"https:\/\/hotelgrumsbarcelona.com\/ca\/parquing\/#breadcrumb"},"inLanguage":"ca","potentialAction":[{"@type":"ReadAction","target":["https:\/\/hotelgrumsbarcelona.com\/ca\/parquing\/"]}]},{"@type":"ImageObject","inLanguage":"ca","@id":"https:\/\/hotelgrumsbarcelona.com\/ca\/parquing\/#primaryimage","url":"https:\/\/hotelgrumsbarcelona.com\/wp-content\/uploads\/2025\/01\/Captura-de-pantalla-2025-01-21-a-las-18.11.48.webp","contentUrl":"https:\/\/hotelgrumsbarcelona.com\/wp-content\/uploads\/2025\/01\/Captura-de-pantalla-2025-01-21-a-las-18.11.48.webp","width":838,"height":634,"caption":"Hotel con parking privado en Barcelona. En Hotel Grums puedes reservar tu plaza de parking privado mientras te alojas."},{"@type":"BreadcrumbList","@id":"https:\/\/hotelgrumsbarcelona.com\/ca\/parquing\/#breadcrumb","itemListElement":[{"@type":"ListItem","position":1,"name":"Portada","item":"https:\/\/hotelgrumsbarcelona.com\/"},{"@type":"ListItem","position":2,"name":"P\u00e0rquing"}]},{"@type":"WebSite","@id":"https:\/\/hotelgrumsbarcelona.com\/#website","url":"https:\/\/hotelgrumsbarcelona.com\/","name":"Hotel Grums & SPA Barcelona","description":"Hotel Grums &amp; SPA en Barcelona. Hotel c\u00e9ntrico en Barcelona","publisher":{"@id":"https:\/\/hotelgrumsbarcelona.com\/#organization"},"alternateName":"Hotel Grums & SPA Barcelona","potentialAction":[{"@type":"SearchAction","target":{"@type":"EntryPoint","urlTemplate":"https:\/\/hotelgrumsbarcelona.com\/?s={search_term_string}"},"query-input":{"@type":"PropertyValueSpecification","valueRequired":true,"valueName":"search_term_string"}}],"inLanguage":"ca"},{"@type":"Organization","@id":"https:\/\/hotelgrumsbarcelona.com\/#organization","name":"Hotel Grums Barcelona","url":"https:\/\/hotelgrumsbarcelona.com\/","logo":{"@type":"ImageObject","inLanguage":"ca","@id":"https:\/\/hotelgrumsbarcelona.com\/#\/schema\/logo\/image\/","url":"https:\/\/hotelgrumsbarcelona.com\/wp-content\/uploads\/2025\/01\/cropped-Recurso-21.png","contentUrl":"https:\/\/hotelgrumsbarcelona.com\/wp-content\/uploads\/2025\/01\/cropped-Recurso-21.png","width":512,"height":512,"caption":"Hotel Grums Barcelona"},"image":{"@id":"https:\/\/hotelgrumsbarcelona.com\/#\/schema\/logo\/image\/"},"sameAs":["https:\/\/www.facebook.com\/HotelGrumsBarcelona\/","https:\/\/x.com\/grumsbarcelona","https:\/\/www.instagram.com\/grumshotelspa\/"]}]}},"_links":{"self":[{"href":"https:\/\/hotelgrumsbarcelona.com\/ca\/wp-json\/wp\/v2\/pages\/3192","targetHints":{"allow":["GET"]}}],"collection":[{"href":"https:\/\/hotelgrumsbarcelona.com\/ca\/wp-json\/wp\/v2\/pages"}],"about":[{"href":"https:\/\/hotelgrumsbarcelona.com\/ca\/wp-json\/wp\/v2\/types\/page"}],"author":[{"embeddable":true,"href":"https:\/\/hotelgrumsbarcelona.com\/ca\/wp-json\/wp\/v2\/users\/1"}],"replies":[{"embeddable":true,"href":"https:\/\/hotelgrumsbarcelona.com\/ca\/wp-json\/wp\/v2\/comments?post=3192"}],"version-history":[{"count":0,"href":"https:\/\/hotelgrumsbarcelona.com\/ca\/wp-json\/wp\/v2\/pages\/3192\/revisions"}],"wp:featuredmedia":[{"embeddable":true,"href":"https:\/\/hotelgrumsbarcelona.com\/ca\/wp-json\/wp\/v2\/media\/2919"}],"wp:attachment":[{"href":"https:\/\/hotelgrumsbarcelona.com\/ca\/wp-json\/wp\/v2\/media?parent=3192"}],"curies":[{"name":"wp","href":"https:\/\/api.w.org\/{rel}","templated":true}]}}